{"id":19440,"date":"2024-06-17T11:09:35","date_gmt":"2024-06-17T09:09:35","guid":{"rendered":"https:\/\/gimnazijatvrdjava.edu.rs\/gallery\/"},"modified":"2025-09-08T09:13:06","modified_gmt":"2025-09-08T07:13:06","slug":"gallery","status":"publish","type":"page","link":"https:\/\/gimnazijatvrdjava.edu.rs\/en\/gallery\/","title":{"rendered":"Gallery"},"content":{"rendered":"\t\t<div data-elementor-type=\"wp-page\" data-elementor-id=\"19440\" class=\"elementor elementor-19440 elementor-13869\" data-elementor-post-type=\"page\">\n\t\t\t\t\t\t<section data-particle_enable=\"false\" data-particle-mobile-disabled=\"false\" class=\"elementor-section elementor-top-section elementor-element elementor-element-52329178 elementor-section-height-min-height elementor-section-boxed elementor-section-height-default elementor-section-items-middle exad-glass-effect-no\" data-id=\"52329178\" data-element_type=\"section\" data-e-type=\"section\" data-settings=\"{&quot;background_background&quot;:&quot;classic&quot;,&quot;shape_divider_bottom&quot;:&quot;tilt&quot;}\">\n\t\t\t\t\t\t\t<div class=\"elementor-background-overlay\"><\/div>\n\t\t\t\t\t\t<div class=\"elementor-shape elementor-shape-bottom\" aria-hidden=\"true\" data-negative=\"false\">\n\t\t\t<svg xmlns=\"http:\/\/www.w3.org\/2000\/svg\" viewBox=\"0 0 1000 100\" preserveAspectRatio=\"none\">\n\t<path class=\"elementor-shape-fill\" d=\"M0,6V0h1000v100L0,6z\"\/>\n<\/svg>\t\t<\/div>\n\t\t\t\t\t<div class=\"elementor-container elementor-column-gap-default\">\n\t\t\t\t\t<div class=\"elementor-column elementor-col-50 elementor-top-column elementor-element elementor-element-46c14681 exad-glass-effect-no\" data-id=\"46c14681\" data-element_type=\"column\" data-e-type=\"column\">\n\t\t\t<div class=\"elementor-widget-wrap elementor-element-populated\">\n\t\t\t\t\t\t<div class=\"elementor-element elementor-element-381660ca oblik-zuta exad-glass-effect-no elementor-widget elementor-widget-image\" data-id=\"381660ca\" data-element_type=\"widget\" data-e-type=\"widget\" data-widget_type=\"image.default\">\n\t\t\t\t<div class=\"elementor-widget-container\">\n\t\t\t\t\t\t\t\t\t\t\t\t\t\t\t<img fetchpriority=\"high\" decoding=\"async\" width=\"1199\" height=\"800\" src=\"https:\/\/gimnazijatvrdjava.edu.rs\/wp-content\/uploads\/galerija-privatne-gimazije-tvrdjava.jpg\" class=\"attachment-full size-full wp-image-18606\" alt=\"Galerija privatne Gimazije Tvr\u0111ava\u200b\" srcset=\"https:\/\/gimnazijatvrdjava.edu.rs\/wp-content\/uploads\/galerija-privatne-gimazije-tvrdjava.jpg 1199w, https:\/\/gimnazijatvrdjava.edu.rs\/wp-content\/uploads\/galerija-privatne-gimazije-tvrdjava-300x200.jpg 300w, https:\/\/gimnazijatvrdjava.edu.rs\/wp-content\/uploads\/galerija-privatne-gimazije-tvrdjava-1024x683.jpg 1024w, https:\/\/gimnazijatvrdjava.edu.rs\/wp-content\/uploads\/galerija-privatne-gimazije-tvrdjava-768x512.jpg 768w\" sizes=\"(max-width: 1199px) 100vw, 1199px\" \/>\t\t\t\t\t\t\t\t\t\t\t\t\t\t\t<\/div>\n\t\t\t\t<\/div>\n\t\t\t\t\t<\/div>\n\t\t<\/div>\n\t\t\t\t<div class=\"elementor-column elementor-col-50 elementor-top-column elementor-element elementor-element-6c34c6f8 exad-glass-effect-no\" data-id=\"6c34c6f8\" data-element_type=\"column\" data-e-type=\"column\">\n\t\t\t<div class=\"elementor-widget-wrap elementor-element-populated\">\n\t\t\t\t\t\t<div class=\"elementor-element elementor-element-5f3552f4 exad-glass-effect-no elementor-widget elementor-widget-heading\" data-id=\"5f3552f4\" data-element_type=\"widget\" data-e-type=\"widget\" data-widget_type=\"heading.default\">\n\t\t\t\t<div class=\"elementor-widget-container\">\n\t\t\t\t\t<h1 class=\"elementor-heading-title elementor-size-default\">Gallery of Private <br>Tvr\u0111ava Gymnasium<\/h1>\t\t\t\t<\/div>\n\t\t\t\t<\/div>\n\t\t\t\t<div class=\"elementor-element elementor-element-6fa6c172 exad-glass-effect-no elementor-widget elementor-widget-text-editor\" data-id=\"6fa6c172\" data-element_type=\"widget\" data-e-type=\"widget\" data-widget_type=\"text-editor.default\">\n\t\t\t\t<div class=\"elementor-widget-container\">\n\t\t\t\t\t\t\t\t\t<p>View our school&#8217;s gallery.<\/p>\t\t\t\t\t\t\t\t<\/div>\n\t\t\t\t<\/div>\n\t\t\t\t\t<\/div>\n\t\t<\/div>\n\t\t\t\t\t<\/div>\n\t\t<\/section>\n\t\t\t\t<section data-particle_enable=\"false\" data-particle-mobile-disabled=\"false\" class=\"elementor-section elementor-top-section elementor-element elementor-element-97d04c9 elementor-section-boxed elementor-section-height-default elementor-section-height-default exad-glass-effect-no\" data-id=\"97d04c9\" data-element_type=\"section\" data-e-type=\"section\">\n\t\t\t\t\t\t<div class=\"elementor-container elementor-column-gap-default\">\n\t\t\t\t\t<div class=\"elementor-column elementor-col-100 elementor-top-column elementor-element elementor-element-578f958 exad-glass-effect-no\" data-id=\"578f958\" data-element_type=\"column\" data-e-type=\"column\">\n\t\t\t<div class=\"elementor-widget-wrap elementor-element-populated\">\n\t\t\t\t\t\t<div class=\"elementor-element elementor-element-25479b2 exad-glass-effect-no elementor-widget elementor-widget-text-editor\" data-id=\"25479b2\" data-element_type=\"widget\" data-e-type=\"widget\" data-widget_type=\"text-editor.default\">\n\t\t\t\t<div class=\"elementor-widget-container\">\n\t\t\t\t\t\t\t\t\t<p>Here you can enjoy pictures that capture unforgettable moments from our students&#8217; school life, from school events and sports competitions to excursions and creative workshops.<\/p>\t\t\t\t\t\t\t\t<\/div>\n\t\t\t\t<\/div>\n\t\t\t\t<div class=\"elementor-element elementor-element-02c0420 exad-glass-effect-no elementor-widget elementor-widget-gallery\" data-id=\"02c0420\" data-element_type=\"widget\" data-e-type=\"widget\" data-settings=\"{&quot;gallery_layout&quot;:&quot;justified&quot;,&quot;ideal_row_height&quot;:{&quot;unit&quot;:&quot;px&quot;,&quot;size&quot;:300,&quot;sizes&quot;:[]},&quot;gap&quot;:{&quot;unit&quot;:&quot;px&quot;,&quot;size&quot;:20,&quot;sizes&quot;:[]},&quot;lazyload&quot;:&quot;yes&quot;,&quot;ideal_row_height_tablet&quot;:{&quot;unit&quot;:&quot;px&quot;,&quot;size&quot;:150,&quot;sizes&quot;:[]},&quot;ideal_row_height_mobile&quot;:{&quot;unit&quot;:&quot;px&quot;,&quot;size&quot;:150,&quot;sizes&quot;:[]},&quot;gap_tablet&quot;:{&quot;unit&quot;:&quot;px&quot;,&quot;size&quot;:10,&quot;sizes&quot;:[]},&quot;gap_mobile&quot;:{&quot;unit&quot;:&quot;px&quot;,&quot;size&quot;:10,&quot;sizes&quot;:[]},&quot;overlay_background&quot;:&quot;yes&quot;,&quot;content_hover_animation&quot;:&quot;fade-in&quot;}\" data-widget_type=\"gallery.default\">\n\t\t\t\t<div class=\"elementor-widget-container\">\n\t\t\t\t\t\t\t<div class=\"elementor-gallery__container\">\n\t\t\t\t\t\t\t<div class=\"e-gallery-item elementor-gallery-item elementor-animated-content\">\n\t\t\t\t\t<div class=\"e-gallery-image elementor-gallery-item__image\" data-thumbnail=\"https:\/\/gimnazijatvrdjava.edu.rs\/wp-content\/uploads\/nasim-ucenicima-uruceni-sertifikati-za-uspesno-zavrsenu-obuku.jpg\" data-width=\"800\" data-height=\"528\" aria-label=\"Na\u0161im u\u010denicima uru\u010deni sertifikati za uspe\u0161no zavr\u0161enu obuku\" role=\"img\" ><\/div>\n\t\t\t\t\t\t\t\t\t\t\t<div class=\"elementor-gallery-item__overlay\"><\/div>\n\t\t\t\t\t\t\t\t\t\t\t\t\t\t<\/div>\n\t\t\t\t\t\t\t<div class=\"e-gallery-item elementor-gallery-item elementor-animated-content\">\n\t\t\t\t\t<div class=\"e-gallery-image elementor-gallery-item__image\" data-thumbnail=\"https:\/\/gimnazijatvrdjava.edu.rs\/wp-content\/uploads\/putovali-smo-u-bansko-na-skijanje-01.jpg\" data-width=\"1024\" data-height=\"1024\" aria-label=\"Zajedni\u010dka fotografija u Bansko na skijanje\" role=\"img\" ><\/div>\n\t\t\t\t\t\t\t\t\t\t\t<div class=\"elementor-gallery-item__overlay\"><\/div>\n\t\t\t\t\t\t\t\t\t\t\t\t\t\t<\/div>\n\t\t\t\t\t\t\t<div class=\"e-gallery-item elementor-gallery-item elementor-animated-content\">\n\t\t\t\t\t<div class=\"e-gallery-image elementor-gallery-item__image\" data-thumbnail=\"https:\/\/gimnazijatvrdjava.edu.rs\/wp-content\/uploads\/nasi-ucenici-u-finalu-programerskog-takmicenja.jpg\" data-width=\"1024\" data-height=\"683\" aria-label=\"Na\u0161i u\u010denici u finalu programerskog takmi\u010denja\" role=\"img\" ><\/div>\n\t\t\t\t\t\t\t\t\t\t\t<div class=\"elementor-gallery-item__overlay\"><\/div>\n\t\t\t\t\t\t\t\t\t\t\t\t\t\t<\/div>\n\t\t\t\t\t\t\t<div class=\"e-gallery-item elementor-gallery-item elementor-animated-content\">\n\t\t\t\t\t<div class=\"e-gallery-image elementor-gallery-item__image\" data-thumbnail=\"https:\/\/gimnazijatvrdjava.edu.rs\/wp-content\/uploads\/nasi-ucenici-u-finalu-programerskog-takmicenja-naslovna-fotografija.jpg\" data-width=\"800\" data-height=\"528\" aria-label=\"Na\u0161i u\u010denici u finalu programerskog takmi\u010denja naslovna fotografija\" role=\"img\" ><\/div>\n\t\t\t\t\t\t\t\t\t\t\t<div class=\"elementor-gallery-item__overlay\"><\/div>\n\t\t\t\t\t\t\t\t\t\t\t\t\t\t<\/div>\n\t\t\t\t\t\t\t<div class=\"e-gallery-item elementor-gallery-item elementor-animated-content\">\n\t\t\t\t\t<div class=\"e-gallery-image elementor-gallery-item__image\" data-thumbnail=\"https:\/\/gimnazijatvrdjava.edu.rs\/wp-content\/uploads\/ucenje-van-ucionice-poseta-gradskoj-biblioteci-muzeju-matici-srpskoj-05.jpg\" data-width=\"1152\" data-height=\"1536\" aria-label=\"U\u010denje van u\u010dionice i poseta muzeju\" role=\"img\" ><\/div>\n\t\t\t\t\t\t\t\t\t\t\t<div class=\"elementor-gallery-item__overlay\"><\/div>\n\t\t\t\t\t\t\t\t\t\t\t\t\t\t<\/div>\n\t\t\t\t\t\t\t<div class=\"e-gallery-item elementor-gallery-item elementor-animated-content\">\n\t\t\t\t\t<div class=\"e-gallery-image elementor-gallery-item__image\" data-thumbnail=\"https:\/\/gimnazijatvrdjava.edu.rs\/wp-content\/uploads\/ucenje-van-ucionice-poseta-gradskoj-biblioteci-muzeju-matici-srpskoj.jpg\" data-width=\"800\" data-height=\"528\" aria-label=\"U\u010denje van u\u010dionice - poseta Gradskoj biblioteci, Muzeju, Matici srpskoj\" role=\"img\" ><\/div>\n\t\t\t\t\t\t\t\t\t\t\t<div class=\"elementor-gallery-item__overlay\"><\/div>\n\t\t\t\t\t\t\t\t\t\t\t\t\t\t<\/div>\n\t\t\t\t\t\t\t<div class=\"e-gallery-item elementor-gallery-item elementor-animated-content\">\n\t\t\t\t\t<div class=\"e-gallery-image elementor-gallery-item__image\" data-thumbnail=\"https:\/\/gimnazijatvrdjava.edu.rs\/wp-content\/uploads\/ucenje-van-ucionice-poseta-gradskoj-biblioteci-muzeju-matici-srpskoj-06.jpg\" data-width=\"1152\" data-height=\"1536\" aria-label=\"Poseta Gradskoj biblioteci i Muzeju\" role=\"img\" ><\/div>\n\t\t\t\t\t\t\t\t\t\t\t<div class=\"elementor-gallery-item__overlay\"><\/div>\n\t\t\t\t\t\t\t\t\t\t\t\t\t\t<\/div>\n\t\t\t\t\t\t\t<div class=\"e-gallery-item elementor-gallery-item elementor-animated-content\">\n\t\t\t\t\t<div class=\"e-gallery-image elementor-gallery-item__image\" data-thumbnail=\"https:\/\/gimnazijatvrdjava.edu.rs\/wp-content\/uploads\/edukacija-o-reproduktivnom-zdravlju.jpg\" data-width=\"800\" data-height=\"528\" aria-label=\"Edukacija o reproduktivnom zdravlju naslovna fotografija\" role=\"img\" ><\/div>\n\t\t\t\t\t\t\t\t\t\t\t<div class=\"elementor-gallery-item__overlay\"><\/div>\n\t\t\t\t\t\t\t\t\t\t\t\t\t\t<\/div>\n\t\t\t\t\t\t\t<div class=\"e-gallery-item elementor-gallery-item elementor-animated-content\">\n\t\t\t\t\t<div class=\"e-gallery-image elementor-gallery-item__image\" data-thumbnail=\"https:\/\/gimnazijatvrdjava.edu.rs\/wp-content\/uploads\/ucesce-na-opstinskom-takmicenju-u-kosarci-01.jpg\" data-width=\"1152\" data-height=\"1536\" aria-label=\"U\u010de\u0161\u0107e na op\u0161tinskom takmi\u010denju u ko\u0161arci 01\" role=\"img\" ><\/div>\n\t\t\t\t\t\t\t\t\t\t\t<div class=\"elementor-gallery-item__overlay\"><\/div>\n\t\t\t\t\t\t\t\t\t\t\t\t\t\t<\/div>\n\t\t\t\t\t\t\t<div class=\"e-gallery-item elementor-gallery-item elementor-animated-content\">\n\t\t\t\t\t<div class=\"e-gallery-image elementor-gallery-item__image\" data-thumbnail=\"https:\/\/gimnazijatvrdjava.edu.rs\/wp-content\/uploads\/bili-smo-na-izletu-u-budimpesti-07.jpg\" data-width=\"1152\" data-height=\"1536\" aria-label=\"U\u010denici ispred spomenika na izletu u Budimpe\u0161ti\" role=\"img\" ><\/div>\n\t\t\t\t\t\t\t\t\t\t\t<div class=\"elementor-gallery-item__overlay\"><\/div>\n\t\t\t\t\t\t\t\t\t\t\t\t\t\t<\/div>\n\t\t\t\t\t\t\t<div class=\"e-gallery-item elementor-gallery-item elementor-animated-content\">\n\t\t\t\t\t<div class=\"e-gallery-image elementor-gallery-item__image\" data-thumbnail=\"https:\/\/gimnazijatvrdjava.edu.rs\/wp-content\/uploads\/poseta-mladih-pesnika-nasoj-skoli-01.jpg\" data-width=\"1152\" data-height=\"1536\" aria-label=\"Poseta mladih pesnika u u\u010dionici na\u0161e \u0161kole\" role=\"img\" ><\/div>\n\t\t\t\t\t\t\t\t\t\t\t<div class=\"elementor-gallery-item__overlay\"><\/div>\n\t\t\t\t\t\t\t\t\t\t\t\t\t\t<\/div>\n\t\t\t\t\t\t\t<div class=\"e-gallery-item elementor-gallery-item elementor-animated-content\">\n\t\t\t\t\t<div class=\"e-gallery-image elementor-gallery-item__image\" data-thumbnail=\"https:\/\/gimnazijatvrdjava.edu.rs\/wp-content\/uploads\/humanitarni-vasar-uspesno-odrzan-prikupljena-sredstva-za-malog-milosa.jpg\" data-width=\"800\" data-height=\"528\" aria-label=\"Humanitarni va\u0161ar u Gimaziji Tvr\u0111ava naslovna fotografija\" role=\"img\" ><\/div>\n\t\t\t\t\t\t\t\t\t\t\t<div class=\"elementor-gallery-item__overlay\"><\/div>\n\t\t\t\t\t\t\t\t\t\t\t\t\t\t<\/div>\n\t\t\t\t\t\t\t<div class=\"e-gallery-item elementor-gallery-item elementor-animated-content\">\n\t\t\t\t\t<div class=\"e-gallery-image elementor-gallery-item__image\" data-thumbnail=\"https:\/\/gimnazijatvrdjava.edu.rs\/wp-content\/uploads\/akcija-dobri-tvor-u-organizaciji-ucenika-gimnazije-tvrdava.jpg\" data-width=\"800\" data-height=\"528\" aria-label=\"Akcija Dobri tvor u organizaciji u\u010denika Gimnazije Tvr\u0111ava\" role=\"img\" ><\/div>\n\t\t\t\t\t\t\t\t\t\t\t<div class=\"elementor-gallery-item__overlay\"><\/div>\n\t\t\t\t\t\t\t\t\t\t\t\t\t\t<\/div>\n\t\t\t\t\t\t\t<div class=\"e-gallery-item elementor-gallery-item elementor-animated-content\">\n\t\t\t\t\t<div class=\"e-gallery-image elementor-gallery-item__image\" data-thumbnail=\"https:\/\/gimnazijatvrdjava.edu.rs\/wp-content\/uploads\/ucenici-iz-mostara-u-poseti-gimnaziji-tvrdava-01.jpg\" data-width=\"1024\" data-height=\"768\" aria-label=\"U\u010denici iz Mostara u poseti Gimnaziji Tvr\u0111ava kej\" role=\"img\" ><\/div>\n\t\t\t\t\t\t\t\t\t\t\t<div class=\"elementor-gallery-item__overlay\"><\/div>\n\t\t\t\t\t\t\t\t\t\t\t\t\t\t<\/div>\n\t\t\t\t\t\t\t<div class=\"e-gallery-item elementor-gallery-item elementor-animated-content\">\n\t\t\t\t\t<div class=\"e-gallery-image elementor-gallery-item__image\" data-thumbnail=\"https:\/\/gimnazijatvrdjava.edu.rs\/wp-content\/uploads\/akcija-dobri-tvor-u-organizaciji-ucenika-gimnazije-tvrdava-03.jpg\" data-width=\"1152\" data-height=\"1536\" aria-label=\"U\u010denici ostavljaju paketi\u0107e na keju za Akciju Dobri tvor u organizaciji u\u010denika Gimnazije Tvr\u0111ava\" role=\"img\" ><\/div>\n\t\t\t\t\t\t\t\t\t\t\t<div class=\"elementor-gallery-item__overlay\"><\/div>\n\t\t\t\t\t\t\t\t\t\t\t\t\t\t<\/div>\n\t\t\t\t\t\t\t<div class=\"e-gallery-item elementor-gallery-item elementor-animated-content\">\n\t\t\t\t\t<div class=\"e-gallery-image elementor-gallery-item__image\" data-thumbnail=\"https:\/\/gimnazijatvrdjava.edu.rs\/wp-content\/uploads\/poslovni-izazovi.jpg\" data-width=\"1080\" data-height=\"720\" aria-label=\"Poslovni izazovi\" role=\"img\" ><\/div>\n\t\t\t\t\t\t\t\t\t\t\t<div class=\"elementor-gallery-item__overlay\"><\/div>\n\t\t\t\t\t\t\t\t\t\t\t\t\t\t<\/div>\n\t\t\t\t\t\t\t<div class=\"e-gallery-item elementor-gallery-item elementor-animated-content\">\n\t\t\t\t\t<div class=\"e-gallery-image elementor-gallery-item__image\" data-thumbnail=\"https:\/\/gimnazijatvrdjava.edu.rs\/wp-content\/uploads\/plasman-na-republicko-takmicenje-ucenik.jpg\" data-width=\"800\" data-height=\"600\" aria-label=\"Plasman na republi\u010dko takmi\u010denje iz ra\u010dunarskih predmeta u\u010denik prvatne gimazije tvr\u0111ava\" role=\"img\" ><\/div>\n\t\t\t\t\t\t\t\t\t\t\t<div class=\"elementor-gallery-item__overlay\"><\/div>\n\t\t\t\t\t\t\t\t\t\t\t\t\t\t<\/div>\n\t\t\t\t\t\t\t<div class=\"e-gallery-item elementor-gallery-item elementor-animated-content\">\n\t\t\t\t\t<div class=\"e-gallery-image elementor-gallery-item__image\" data-thumbnail=\"https:\/\/gimnazijatvrdjava.edu.rs\/wp-content\/uploads\/gimnazija-tvrdava-u-okviru-regionalnog-projekta-direktor.jpg\" data-width=\"1024\" data-height=\"682\" aria-label=\"Gimnazija Tvr\u0111ava jedna od Super \u0161kola u okviru regionalnog projekta Direktor\" role=\"img\" ><\/div>\n\t\t\t\t\t\t\t\t\t\t\t<div class=\"elementor-gallery-item__overlay\"><\/div>\n\t\t\t\t\t\t\t\t\t\t\t\t\t\t<\/div>\n\t\t\t\t\t\t\t<div class=\"e-gallery-item elementor-gallery-item elementor-animated-content\">\n\t\t\t\t\t<div class=\"e-gallery-image elementor-gallery-item__image\" data-thumbnail=\"https:\/\/gimnazijatvrdjava.edu.rs\/wp-content\/uploads\/interdisciplinarna-projektna-nastava-03.jpg\" data-width=\"500\" data-height=\"330\" aria-label=\"Tehnologija u slu\u017ebi u\u010denja i razonode: interdisciplinarna projektna nastava 03\" role=\"img\" ><\/div>\n\t\t\t\t\t\t\t\t\t\t\t<div class=\"elementor-gallery-item__overlay\"><\/div>\n\t\t\t\t\t\t\t\t\t\t\t\t\t\t<\/div>\n\t\t\t\t\t\t\t<div class=\"e-gallery-item elementor-gallery-item elementor-animated-content\">\n\t\t\t\t\t<div class=\"e-gallery-image elementor-gallery-item__image\" data-thumbnail=\"https:\/\/gimnazijatvrdjava.edu.rs\/wp-content\/uploads\/sportski-duh-nasih-gimnazijalaca-03.jpg\" data-width=\"500\" data-height=\"330\" aria-label=\"Sportski duh na\u0161ih Gimnazijalaca 03\" role=\"img\" ><\/div>\n\t\t\t\t\t\t\t\t\t\t\t<div class=\"elementor-gallery-item__overlay\"><\/div>\n\t\t\t\t\t\t\t\t\t\t\t\t\t\t<\/div>\n\t\t\t\t\t\t\t<div class=\"e-gallery-item elementor-gallery-item elementor-animated-content\">\n\t\t\t\t\t<div class=\"e-gallery-image elementor-gallery-item__image\" data-thumbnail=\"https:\/\/gimnazijatvrdjava.edu.rs\/wp-content\/uploads\/gimnazija-tvrdjava-na-konverziji.jpg\" data-width=\"500\" data-height=\"330\" aria-label=\"gimnazija tvrdjava na konverziji\" role=\"img\" ><\/div>\n\t\t\t\t\t\t\t\t\t\t\t<div class=\"elementor-gallery-item__overlay\"><\/div>\n\t\t\t\t\t\t\t\t\t\t\t\t\t\t<\/div>\n\t\t\t\t\t\t\t<div class=\"e-gallery-item elementor-gallery-item elementor-animated-content\">\n\t\t\t\t\t<div class=\"e-gallery-image elementor-gallery-item__image\" data-thumbnail=\"https:\/\/gimnazijatvrdjava.edu.rs\/wp-content\/uploads\/aiesec-projekat-teachnology-4.png\" data-width=\"500\" data-height=\"330\" aria-label=\"Saradnja sa studentskom organizacijom AIESEC na projektu TEACHnology 04\" role=\"img\" ><\/div>\n\t\t\t\t\t\t\t\t\t\t\t<div class=\"elementor-gallery-item__overlay\"><\/div>\n\t\t\t\t\t\t\t\t\t\t\t\t\t\t<\/div>\n\t\t\t\t\t\t\t<div class=\"e-gallery-item elementor-gallery-item elementor-animated-content\">\n\t\t\t\t\t<div class=\"e-gallery-image elementor-gallery-item__image\" data-thumbnail=\"https:\/\/gimnazijatvrdjava.edu.rs\/wp-content\/uploads\/viber_image_2024-04-05_14-37-51-121.jpg\" data-width=\"800\" data-height=\"374\" aria-label=\"VEGA IT - poseta\" role=\"img\" ><\/div>\n\t\t\t\t\t\t\t\t\t\t\t<div class=\"elementor-gallery-item__overlay\"><\/div>\n\t\t\t\t\t\t\t\t\t\t\t\t\t\t<\/div>\n\t\t\t\t\t\t\t<div class=\"e-gallery-item elementor-gallery-item elementor-animated-content\">\n\t\t\t\t\t<div class=\"e-gallery-image elementor-gallery-item__image\" data-thumbnail=\"https:\/\/gimnazijatvrdjava.edu.rs\/wp-content\/uploads\/paintball.png\" data-width=\"1200\" data-height=\"800\" aria-label=\"Paintball - naslovna fotografija\" role=\"img\" ><\/div>\n\t\t\t\t\t\t\t\t\t\t\t<div class=\"elementor-gallery-item__overlay\"><\/div>\n\t\t\t\t\t\t\t\t\t\t\t\t\t\t<\/div>\n\t\t\t\t\t<\/div>\n\t\t\t\t\t<\/div>\n\t\t\t\t<\/div>\n\t\t\t\t\t<\/div>\n\t\t<\/div>\n\t\t\t\t\t<\/div>\n\t\t<\/section>\n\t\t\t\t<\/div>\n\t\t","protected":false},"excerpt":{"rendered":"<p>Gallery of Private Tvr\u0111ava Gymnasium View our school&#8217;s gallery. Here you can enjoy pictures that capture unforgettable moments from our students&#8217; school life, from school events and sports competitions to excursions and creative workshops.<\/p>\n","protected":false},"author":1,"featured_media":18606,"parent":0,"menu_order":0,"comment_status":"closed","ping_status":"closed","template":"","meta":{"_acf_changed":false,"footnotes":""},"class_list":["post-19440","page","type-page","status-publish","has-post-thumbnail","hentry"],"acf":[],"_links":{"self":[{"href":"https:\/\/gimnazijatvrdjava.edu.rs\/en\/wp-json\/wp\/v2\/pages\/19440","targetHints":{"allow":["GET"]}}],"collection":[{"href":"https:\/\/gimnazijatvrdjava.edu.rs\/en\/wp-json\/wp\/v2\/pages"}],"about":[{"href":"https:\/\/gimnazijatvrdjava.edu.rs\/en\/wp-json\/wp\/v2\/types\/page"}],"author":[{"embeddable":true,"href":"https:\/\/gimnazijatvrdjava.edu.rs\/en\/wp-json\/wp\/v2\/users\/1"}],"replies":[{"embeddable":true,"href":"https:\/\/gimnazijatvrdjava.edu.rs\/en\/wp-json\/wp\/v2\/comments?post=19440"}],"version-history":[{"count":1,"href":"https:\/\/gimnazijatvrdjava.edu.rs\/en\/wp-json\/wp\/v2\/pages\/19440\/revisions"}],"predecessor-version":[{"id":19442,"href":"https:\/\/gimnazijatvrdjava.edu.rs\/en\/wp-json\/wp\/v2\/pages\/19440\/revisions\/19442"}],"wp:featuredmedia":[{"embeddable":true,"href":"https:\/\/gimnazijatvrdjava.edu.rs\/en\/wp-json\/wp\/v2\/media\/18606"}],"wp:attachment":[{"href":"https:\/\/gimnazijatvrdjava.edu.rs\/en\/wp-json\/wp\/v2\/media?parent=19440"}],"curies":[{"name":"wp","href":"https:\/\/api.w.org\/{rel}","templated":true}]}}